{"id":163,"date":"2014-10-26T14:28:51","date_gmt":"2014-10-26T13:28:51","guid":{"rendered":"http:\/\/fdvseyssins.fr\/wordpress\/?page_id=163"},"modified":"2026-04-20T12:08:13","modified_gmt":"2026-04-20T10:08:13","slug":"albums","status":"publish","type":"page","link":"https:\/\/fdvseyssins.fr\/wordpress\/albums\/","title":{"rendered":"Albums"},"content":{"rendered":"\n<p>Dans cette rubrique vous avez acc\u00e8s \u00e0 la liste des albums photo \/ vid\u00e9o<\/p>\n\n\n\n<h1 class=\"wp-block-heading\">Saison 2025-2026<\/h1>\n\n\n\n<p>La vid\u00e9o de pr\u00e9sentation du Dark bador #2 de<a href=\"https:\/\/fdvseyssins.fr\/wordpress\/dark-bador-2-0\/\" data-type=\"link\" data-id=\"https:\/\/fdvseyssins.fr\/wordpress\/dark-bador-2-0\/\"> Luc (07\/02\/2025)<\/a><\/p>\n\n\n\n<p>Les photos <a href=\"https:\/\/fdvseyssins.fr\/wordpress\/niveau-monstre-le-jeudi\/\" data-type=\"link\" data-id=\"https:\/\/fdvseyssins.fr\/wordpress\/niveau-monstre-le-jeudi\/\">d&rsquo;un halloween<\/a> un jeudi au badminton <\/p>\n\n\n\n<p>Les photos de notre premier<a href=\"https:\/\/fdvseyssins.fr\/wordpress\/resultats-du-tournoi-du-30-11-2025-et-souvenir-de-lag\/\" data-type=\"link\" data-id=\"https:\/\/fdvseyssins.fr\/wordpress\/resultats-du-tournoi-du-30-11-2025-et-souvenir-de-lag\/\"> tournoi 2025 et d&rsquo;un AG Extra extra extra ordinaire  <\/a><\/p>\n\n\n\n<h1 class=\"wp-block-heading\">Saison 2024-2025<\/h1>\n\n\n\n<p>Des photos de la<a href=\"https:\/\/fdvseyssins.fr\/wordpress\/bonne-ambiance-et-affluence-jusquau-bout-le-jeudi\/\" data-type=\"link\" data-id=\"https:\/\/fdvseyssins.fr\/wordpress\/bonne-ambiance-et-affluence-jusquau-bout-le-jeudi\/\"> derni\u00e8re session bad <\/a>pour le jeudi <\/p>\n\n\n\n<p>Les photos de notre soir\u00e9e &#8211;<a href=\"https:\/\/fdvseyssins.fr\/wordpress\/souvenirs-de-la-soiree-defis-pirate\/\" data-type=\"link\" data-id=\"https:\/\/fdvseyssins.fr\/wordpress\/souvenirs-de-la-soiree-defis-pirate\/\"> D\u00e9fis pirate et fiesta de fin d&rsquo;ann\u00e9e<\/a><\/p>\n\n\n\n<p>Et si on faisait une <a href=\"https:\/\/fdvseyssins.fr\/wordpress\/les-defis-du-jeudi-2-dark-bador\/\" data-type=\"link\" data-id=\"https:\/\/fdvseyssins.fr\/wordpress\/les-defis-du-jeudi-2-dark-bador\/\">soir\u00e9e Dark Bador ?<\/a>?<\/p>\n\n\n\n<p>Le jeudi aime <a href=\"https:\/\/fdvseyssins.fr\/wordpress\/les-defis-du-jeudi-1-la-tournante\/\" data-type=\"link\" data-id=\"https:\/\/fdvseyssins.fr\/wordpress\/les-defis-du-jeudi-1-la-tournante\/\">les d\u00e9fis<\/a> et <\/p>\n\n\n\n<p>Les visuels de nos t-shirt.<a href=\"https:\/\/fdvseyssins.fr\/wordpress\/nouvelle-operation-tshirt-2024\/\" data-type=\"link\" data-id=\"https:\/\/fdvseyssins.fr\/wordpress\/nouvelle-operation-tshirt-2024\/\">. c&rsquo;est par ici<\/a><\/p>\n\n\n\n<p>Clap de rentr\u00e9e <a href=\"https:\/\/fdvseyssins.fr\/wordpress\/cest-la-rentree\/\" data-type=\"link\" data-id=\"https:\/\/fdvseyssins.fr\/wordpress\/cest-la-rentree\/\">au forum des assos<\/a><\/p>\n\n\n\n<h1 class=\"wp-block-heading\">Saison 2023-2024<\/h1>\n\n\n\n<p>Photo de la derni\u00e8re session de l&rsquo;ann\u00e9e du <a href=\"https:\/\/fdvseyssins.fr\/wordpress\/bonne-ambiance-le-jeudi\/\" data-type=\"link\" data-id=\"https:\/\/fdvseyssins.fr\/wordpress\/bonne-ambiance-le-jeudi\/\">jeudi (20\/06\/2024)<\/a><\/p>\n\n\n\n<h1 class=\"wp-block-heading\">Saison 2014-2015<\/h1>\n\n\n\n<h2 class=\"wp-block-heading\">Cr\u00e9neau du mercredi :<\/h2>\n\n\n\n<p>photos de <a title=\"Photos du mercredi 08\/10\/2014\" href=\"https:\/\/fdvseyssins.fr\/wordpress\/?p=190\">Marie (08\/10\/2014)<\/a><\/p>\n\n\n\n<p>photos de <a title=\"Le badminton, c\u2019est du g\u00e2teau !\" href=\"https:\/\/fdvseyssins.fr\/wordpress\/le-badminton-cest-du-gateau\/\">Marie (15\/01\/2015)<\/a> : galette des rois<\/p>\n\n\n\n<h2 class=\"wp-block-heading\">Cr\u00e9neau du jeudi :<\/h2>\n\n\n\n<p>photos d&rsquo;<a title=\"Le jeudi c\u2019est de pire en pire\" href=\"https:\/\/fdvseyssins.fr\/wordpress\/le-jeudi-cest-de-pire-en-pire\/\">Audrey (27\/11\/2014)<\/a>&nbsp;: fondue<\/p>\n","protected":false},"excerpt":{"rendered":"<p>Dans cette rubrique vous avez acc\u00e8s \u00e0 la liste des albums photo \/ vid\u00e9o Saison 2025-2026 La vid\u00e9o de pr\u00e9sentation du Dark bador #2 de Luc (07\/02\/2025) Les photos d&rsquo;un halloween un jeudi au badminton Les photos de notre premier tournoi 2025 et d&rsquo;un AG Extra extra extra ordinaire Saison 2024-2025 Des photos de la &hellip; <a href=\"https:\/\/fdvseyssins.fr\/wordpress\/albums\/\" class=\"more-link\">Continuer la lecture de <span class=\"screen-reader-text\">Albums<\/span>  <span class=\"meta-nav\">&rarr;<\/span><\/a><\/p>\n","protected":false},"author":1,"featured_media":0,"parent":0,"menu_order":2,"comment_status":"open","ping_status":"open","template":"","meta":{"_mc_calendar":[],"footnotes":""},"class_list":["post-163","page","type-page","status-publish","hentry"],"_links":{"self":[{"href":"https:\/\/fdvseyssins.fr\/wordpress\/wp-json\/wp\/v2\/pages\/163","targetHints":{"allow":["GET"]}}],"collection":[{"href":"https:\/\/fdvseyssins.fr\/wordpress\/wp-json\/wp\/v2\/pages"}],"about":[{"href":"https:\/\/fdvseyssins.fr\/wordpress\/wp-json\/wp\/v2\/types\/page"}],"author":[{"embeddable":true,"href":"https:\/\/fdvseyssins.fr\/wordpress\/wp-json\/wp\/v2\/users\/1"}],"replies":[{"embeddable":true,"href":"https:\/\/fdvseyssins.fr\/wordpress\/wp-json\/wp\/v2\/comments?post=163"}],"version-history":[{"count":10,"href":"https:\/\/fdvseyssins.fr\/wordpress\/wp-json\/wp\/v2\/pages\/163\/revisions"}],"predecessor-version":[{"id":1724,"href":"https:\/\/fdvseyssins.fr\/wordpress\/wp-json\/wp\/v2\/pages\/163\/revisions\/1724"}],"wp:attachment":[{"href":"https:\/\/fdvseyssins.fr\/wordpress\/wp-json\/wp\/v2\/media?parent=163"}],"curies":[{"name":"wp","href":"https:\/\/api.w.org\/{rel}","templated":true}]}}